{"id":6811,"date":"2019-10-16T16:45:04","date_gmt":"2019-10-16T16:45:04","guid":{"rendered":"https:\/\/digitaleader.fr\/?page_id=6811"},"modified":"2023-10-18T10:45:15","modified_gmt":"2023-10-18T08:45:15","slug":"mentions-legales","status":"publish","type":"page","link":"https:\/\/digitaleader.fr\/index.php\/mentions-legales\/","title":{"rendered":"Mentions l\u00e9gales"},"content":{"rendered":"<p>[vc_section][vc_row][vc_column background_position=\u00a0\u00bbleft center\u00a0\u00bb css=\u00a0\u00bb.vc_custom_1573684946539{background-image: url(https:\/\/digitaleader.fr\/wp-content\/uploads\/2019\/10\/ut-dots.svg?id=5939) !important;background-position: center !important;background-repeat: no-repeat !important;background-size: contain !important;}\u00a0\u00bb]<style type=\"text\/css\">#ut_custom_heading69f2070064f93 { font-size:16px !important;line-height:28px !important; }#ut_custom_heading69f2070064f93 { font-weight:600; }#ut_custom_heading69f2070064f93 { text-align:left; }@media (min-width: 768px) and (max-width: 1024px) { #ut_custom_heading69f2070064f93 { text-align:left; } }@media (max-width: 767px) { #ut_custom_heading69f2070064f93 { text-align:center; } }<\/style><div id=\"ut_custom_heading69f2070064f93\" data-responsive-font=\"div\" data-responsive-font-settings=\"{&quot;base-font-size&quot;:&quot;16&quot;,&quot;font-size-unit&quot;:&quot;px&quot;,&quot;font-size&quot;:{&quot;desktop_large&quot;:&quot;16&quot;},&quot;base-line-height&quot;:&quot;global&quot;,&quot;line-height&quot;:{&quot;desktop_large&quot;:&quot;28&quot;},&quot;base-letter-spacing&quot;:&quot;global&quot;}\" class=\"ut-custom-heading-module   vc_custom_1688735154920\" ><span class=\"\" ><\/span><\/div><div class=\"wpb_content_element \"><style type=\"text\/css\">#ut_header_69f20700683ca h1.section-title { font-size:75px !important;line-height:90px !important;letter-spacing:-0.03em; }<\/style><header id=\"ut_header_69f20700683ca\" class=\"section-header  ut-no-title-linebreak-mobile ut-no-lead-linebreak-mobile pt-style-7 header-left header-tablet-left header-mobile-center element-with-custom-line-height\"><div class=\"element-with-custom-line-height\" ><h1 data-title=\"Mentions l\u00e9gales\"  data-responsive-font=\"section_title\" data-responsive-font-settings=\"{&quot;base-font-size&quot;:&quot;global&quot;,&quot;font-size&quot;:{&quot;desktop_large&quot;:&quot;75&quot;},&quot;base-line-height&quot;:&quot;global&quot;,&quot;line-height&quot;:{&quot;desktop_large&quot;:&quot;90&quot;},&quot;base-letter-spacing&quot;:&quot;global&quot;,&quot;letter-spacing&quot;:{&quot;desktop_large&quot;:&quot;-0.03&quot;}}\" class=\"section-title  \"><span>Mentions l\u00e9gales<\/span><\/h1><\/div><\/header><\/div>[\/vc_column][\/vc_row][vc_row][vc_column][vc_separator color=\u00a0\u00bbcustom\u00a0\u00bb accent_color=\u00a0\u00bbrgba(255,255,255,0.05)\u00a0\u00bb][\/vc_column][\/vc_row][vc_row][vc_column]<style type=\"text\/css\">#ut_custom_heading69f2070068a75 { font-size:20px !important;line-height:30px !important; }#ut_custom_heading69f2070068a75 { text-align:left; }@media (min-width: 768px) and (max-width: 1024px) { #ut_custom_heading69f2070068a75 { text-align:left; } }@media (max-width: 767px) { #ut_custom_heading69f2070068a75 { text-align:left; } }<\/style><h3 id=\"ut_custom_heading69f2070068a75\" data-responsive-font=\"h3\" data-responsive-font-settings=\"{&quot;base-font-size&quot;:&quot;global&quot;,&quot;font-size&quot;:{&quot;desktop_large&quot;:&quot;20&quot;},&quot;base-line-height&quot;:&quot;global&quot;,&quot;line-height&quot;:{&quot;desktop_large&quot;:&quot;30&quot;},&quot;base-letter-spacing&quot;:&quot;global&quot;}\" class=\"ut-custom-heading-module   vc_custom_1688735213759\" ><span class=\"\" >1. Propri\u00e9t\u00e9 intellectuelle<\/span><\/h3>[vc_column_text]Les droits d&rsquo;auteur, les droits sur les bases de donn\u00e9es et tous les autres droits relevant de la propri\u00e9t\u00e9 intellectuelle, portant sur les \u00e9l\u00e9ments pr\u00e9sents sur le site internet (ainsi que l&rsquo;organisation et la pr\u00e9sentation dudit site internet) ainsi que le code source sont la propri\u00e9t\u00e9 de Digitaleader et de leurs auteurs respectifs.<\/p>\n<p>Les droits sur les marques repr\u00e9sent\u00e9es sur le site internet sont, selon les cas, la propri\u00e9t\u00e9 de Digitaleader ou de ses partenaires et clients.<\/p>\n<p>L&rsquo;internaute peut utiliser les marques et logos de Digitaleader. Tout autre \u00e9l\u00e9ment du site ne peut \u00eatre modifi\u00e9, copi\u00e9, traduit, reproduit, vendu, publi\u00e9, exploit\u00e9 et diffus\u00e9 sans l&rsquo;accord \u00e9crit pr\u00e9alable de Digitaleader. La violation de ces dispositions imp\u00e9ratives soumet le contrevenant, et toutes personnes responsables, aux peines p\u00e9nales et civiles pr\u00e9vues par la loi.<\/p>\n<p>Ce site comporte des informations mises \u00e0 disposition par des soci\u00e9t\u00e9s externes ou des liens hypertextes vers d&rsquo;autres sites qui n&rsquo;ont pas \u00e9t\u00e9 d\u00e9velopp\u00e9s par Digitaleader. Le contenu mis \u00e0 disposition sur le site est fourni \u00e0 titre informatif. L&rsquo;existence d&rsquo;un lien de ce site vers un autre site ne constitue pas une validation de ce site ou de son contenu. Il appartient \u00e0 l&rsquo;internaute d&rsquo;utiliser ces informations avec discernement et esprit critique. La responsabilit\u00e9 de Digitaleader ne saurait \u00eatre engag\u00e9e du fait des informations, opinions et recommandations formul\u00e9es par des tiers.<\/p>\n<p>Les soci\u00e9t\u00e9s souhaitant mettre en place un lien vers l&rsquo;un des sites de Digitaleader peuvent et sont invit\u00e9es \u00e0 le faire librement. Si vous souhaitez nous informer de la mise en place d&rsquo;un lien, par le biais du formulaire de contact, veuillez indiquer votre raison sociale, votre activit\u00e9 et l&rsquo;URL de la page o\u00f9 se trouve le lien.[\/vc_column_text][\/vc_column][\/vc_row][vc_row][vc_column][vc_separator color=\u00a0\u00bbcustom\u00a0\u00bb accent_color=\u00a0\u00bbrgba(255,255,255,0.05)\u00a0\u00bb][\/vc_column][\/vc_row][vc_row][vc_column]<style type=\"text\/css\">#ut_custom_heading69f2070068ac8 { font-size:20px !important;line-height:30px !important; }#ut_custom_heading69f2070068ac8 { text-align:left; }@media (min-width: 768px) and (max-width: 1024px) { #ut_custom_heading69f2070068ac8 { text-align:left; } }@media (max-width: 767px) { #ut_custom_heading69f2070068ac8 { text-align:left; } }<\/style><h3 id=\"ut_custom_heading69f2070068ac8\" data-responsive-font=\"h3\" data-responsive-font-settings=\"{&quot;base-font-size&quot;:&quot;global&quot;,&quot;font-size&quot;:{&quot;desktop_large&quot;:&quot;20&quot;},&quot;base-line-height&quot;:&quot;global&quot;,&quot;line-height&quot;:{&quot;desktop_large&quot;:&quot;30&quot;},&quot;base-letter-spacing&quot;:&quot;global&quot;}\" class=\"ut-custom-heading-module   vc_custom_1688735924375\" ><span class=\"\" >2. Protection et collecte des donn\u00e9es personnelles<\/span><\/h3>[vc_column_text]Digitaleader s&rsquo;engage \u00e0 ne pas divulguer \u00e0 des tiers les informations que vous nous communiquez. Celles-ci sont confidentielles. Elles ne seront utilis\u00e9es par nos services internes que pour le traitement de vos demandes, candidatures ou pour l&rsquo;envoi de notre lettre d&rsquo;information. Conform\u00e9ment \u00e0 la loi \u00ab\u00a0informatique et libert\u00e9s\u00a0\u00bb du 6 janvier 1978 modifi\u00e9e en 2004, vous b\u00e9n\u00e9ficiez \u00e0 tout moment d&rsquo;un droit d&rsquo;acc\u00e8s et de rectification aux informations qui vous concernent. Vous pouvez exercer ce droit en utilisant notre formulaire de contact. Vous pouvez \u00e9galement, pour des motifs l\u00e9gitimes, vous opposer au traitement des donn\u00e9es vous concernant.[\/vc_column_text][\/vc_column][\/vc_row][vc_row][vc_column][vc_separator color=\u00a0\u00bbcustom\u00a0\u00bb accent_color=\u00a0\u00bbrgba(255,255,255,0.05)\u00a0\u00bb][\/vc_column][\/vc_row][vc_row][vc_column]<style type=\"text\/css\">#ut_custom_heading69f2070068afd { font-size:20px !important;line-height:30px !important; }#ut_custom_heading69f2070068afd { text-align:left; }@media (min-width: 768px) and (max-width: 1024px) { #ut_custom_heading69f2070068afd { text-align:left; } }@media (max-width: 767px) { #ut_custom_heading69f2070068afd { text-align:left; } }<\/style><h3 id=\"ut_custom_heading69f2070068afd\" data-responsive-font=\"h3\" data-responsive-font-settings=\"{&quot;base-font-size&quot;:&quot;global&quot;,&quot;font-size&quot;:{&quot;desktop_large&quot;:&quot;20&quot;},&quot;base-line-height&quot;:&quot;global&quot;,&quot;line-height&quot;:{&quot;desktop_large&quot;:&quot;30&quot;},&quot;base-letter-spacing&quot;:&quot;global&quot;}\" class=\"ut-custom-heading-module   vc_custom_1688735941751\" ><span class=\"\" >3. Le droit applicable<\/span><\/h3>[vc_column_text]Le pr\u00e9sent site est soumis au droit fran\u00e7ais.[\/vc_column_text][\/vc_column][\/vc_row][vc_row][vc_column][vc_separator color=\u00a0\u00bbcustom\u00a0\u00bb accent_color=\u00a0\u00bbrgba(255,255,255,0.05)\u00a0\u00bb][\/vc_column][\/vc_row][vc_row][vc_column]<style type=\"text\/css\">#ut_custom_heading69f2070068b30 { font-size:20px !important;line-height:30px !important; }#ut_custom_heading69f2070068b30 { text-align:left; }@media (min-width: 768px) and (max-width: 1024px) { #ut_custom_heading69f2070068b30 { text-align:left; } }@media (max-width: 767px) { #ut_custom_heading69f2070068b30 { text-align:left; } }<\/style><h3 id=\"ut_custom_heading69f2070068b30\" data-responsive-font=\"h3\" data-responsive-font-settings=\"{&quot;base-font-size&quot;:&quot;global&quot;,&quot;font-size&quot;:{&quot;desktop_large&quot;:&quot;20&quot;},&quot;base-line-height&quot;:&quot;global&quot;,&quot;line-height&quot;:{&quot;desktop_large&quot;:&quot;30&quot;},&quot;base-letter-spacing&quot;:&quot;global&quot;}\" class=\"ut-custom-heading-module   vc_custom_1688736054888\" ><span class=\"\" >4. Responsabilit\u00e9<\/span><\/h3>[vc_column_text]Les produits propos\u00e9s sont conformes \u00e0 la l\u00e9gislation fran\u00e7aise en vigueur. Les photographies et les textes reproduits et illustrant les produits pr\u00e9sent\u00e9s ne sont pas contractuels. En cons\u00e9quence, la responsabilit\u00e9 de Digitaleader ne saurait \u00eatre engag\u00e9e en cas d&rsquo;erreur dans l&rsquo;une de ces photographies ou l&rsquo;un de ces textes.[\/vc_column_text][\/vc_column][\/vc_row][vc_row][vc_column][vc_separator color=\u00a0\u00bbcustom\u00a0\u00bb accent_color=\u00a0\u00bbrgba(255,255,255,0.05)\u00a0\u00bb][\/vc_column][\/vc_row][vc_row][vc_column]<style type=\"text\/css\">#ut_custom_heading69f2070068b60 { font-size:20px !important;line-height:30px !important; }#ut_custom_heading69f2070068b60 { text-align:left; }@media (min-width: 768px) and (max-width: 1024px) { #ut_custom_heading69f2070068b60 { text-align:left; } }@media (max-width: 767px) { #ut_custom_heading69f2070068b60 { text-align:left; } }<\/style><h3 id=\"ut_custom_heading69f2070068b60\" data-responsive-font=\"h3\" data-responsive-font-settings=\"{&quot;base-font-size&quot;:&quot;global&quot;,&quot;font-size&quot;:{&quot;desktop_large&quot;:&quot;20&quot;},&quot;base-line-height&quot;:&quot;global&quot;,&quot;line-height&quot;:{&quot;desktop_large&quot;:&quot;30&quot;},&quot;base-letter-spacing&quot;:&quot;global&quot;}\" class=\"ut-custom-heading-module   vc_custom_1688736391198\" ><span class=\"\" >5. Collecte et finalit\u00e9s du traitement des donn\u00e9es<\/span><\/h3>[vc_column_text]Digitaleader collecte des donn\u00e9es \u00e0 caract\u00e8re personnel sur tout Utilisateur naviguant et consultant notre Site, notamment par l&rsquo;utilisation de cookies conform\u00e9ment \u00e0 la l\u00e9gislation en vigueur.<\/p>\n<p>Cette collecte de donn\u00e9es s&rsquo;effectue lorsque l&rsquo;Utilisateur :<\/p>\n<ul>\n<li>Cr\u00e9e un compte<\/li>\n<li>S&rsquo;inscrit aux newsletters propos\u00e9es par Digitaleader<\/li>\n<li>Contacte le service client de Digitaleader par tout moyen de communication mis \u00e0 sa disposition<\/li>\n<li>Participe \u00e0 un jeu promotionnel\/jeu concours<\/li>\n<li>Navigue sur le site<\/li>\n<li>R\u00e9dige un commentaire ou un avis sur un article<\/li>\n<li>Partage un avis avec un ami par envoi d&rsquo;un e-mail depuis une fiche article<\/li>\n<li>Partage un avis par l&rsquo;interm\u00e9diaire des r\u00e9seaux sociaux depuis une fiche produit<\/li>\n<li>Remplit un formulaire de saisie d&rsquo;informations, questionnaires sur le site<\/li>\n<\/ul>\n<p>Les donn\u00e9es collect\u00e9es sont n\u00e9cessaires aux traitements suivants :<\/p>\n<ul>\n<li>Gestion et suivi des relations commerciales entre Digitaleader et le client<\/li>\n<li>Envoi de prospection commerciale<\/li>\n<li>Personnalisation des contenus du site, affichage de publicit\u00e9s cibl\u00e9es notamment sur les r\u00e9seaux sociaux<\/li>\n<li>Partage d&rsquo;informations avec nos partenaires commerciaux et logistiques<\/li>\n<li>Mise \u00e0 disposition de boutons de partage vers les r\u00e9seaux sociaux<\/li>\n<li>Mise en place de jeux promotionnels<\/li>\n<li>R\u00e9alisation de statistiques de la mesure d&rsquo;audience et d&rsquo;\u00e9tudes marketing<\/li>\n<li>Mise en place du tchat communautaire<\/li>\n<\/ul>\n<p>[\/vc_column_text][\/vc_column][\/vc_row][vc_row][vc_column][vc_separator color=\u00a0\u00bbcustom\u00a0\u00bb accent_color=\u00a0\u00bbrgba(255,255,255,0.05)\u00a0\u00bb][\/vc_column][\/vc_row][vc_row][vc_column]<style type=\"text\/css\">#ut_custom_heading69f2070068b92 { font-size:20px !important;line-height:30px !important; }#ut_custom_heading69f2070068b92 { text-align:left; }@media (min-width: 768px) and (max-width: 1024px) { #ut_custom_heading69f2070068b92 { text-align:left; } }@media (max-width: 767px) { #ut_custom_heading69f2070068b92 { text-align:left; } }<\/style><h3 id=\"ut_custom_heading69f2070068b92\" data-responsive-font=\"h3\" data-responsive-font-settings=\"{&quot;base-font-size&quot;:&quot;global&quot;,&quot;font-size&quot;:{&quot;desktop_large&quot;:&quot;20&quot;},&quot;base-line-height&quot;:&quot;global&quot;,&quot;line-height&quot;:{&quot;desktop_large&quot;:&quot;30&quot;},&quot;base-letter-spacing&quot;:&quot;global&quot;}\" class=\"ut-custom-heading-module   vc_custom_1688736539244\" ><span class=\"\" >6. Formulaires et questionnaires<\/span><\/h3>[vc_column_text]L&rsquo;Utilisateur devra renseigner tous les champs du formulaire de saisie d&rsquo;informations sur le site, \u00e0 l&rsquo;exception des champs facultatifs. Les informations facultatives sont collect\u00e9es par Digitaleader et permettent de mieux conna\u00eetre les Utilisateurs du site.<\/p>\n<p>Toutes les informations signal\u00e9es par un ast\u00e9risque sont obligatoires. L&rsquo;Utilisateur doit y r\u00e9pondre.<\/p>\n<p>Tout d\u00e9faut de r\u00e9ponse aura pour cons\u00e9quence la non cr\u00e9ation de compte ou la non validation du formulaire de saisie d&rsquo;informations. Digitaleader ne donnera pas suite aux demandes de l&rsquo;Utilisateur.[\/vc_column_text][\/vc_column][\/vc_row][vc_row][vc_column][vc_separator color=\u00a0\u00bbcustom\u00a0\u00bb accent_color=\u00a0\u00bbrgba(255,255,255,0.05)\u00a0\u00bb][\/vc_column][\/vc_row][vc_row][vc_column]<style type=\"text\/css\">#ut_custom_heading69f2070068bc1 { font-size:20px !important;line-height:30px !important; }#ut_custom_heading69f2070068bc1 { text-align:left; }@media (min-width: 768px) and (max-width: 1024px) { #ut_custom_heading69f2070068bc1 { text-align:left; } }@media (max-width: 767px) { #ut_custom_heading69f2070068bc1 { text-align:left; } }<\/style><h3 id=\"ut_custom_heading69f2070068bc1\" data-responsive-font=\"h3\" data-responsive-font-settings=\"{&quot;base-font-size&quot;:&quot;global&quot;,&quot;font-size&quot;:{&quot;desktop_large&quot;:&quot;20&quot;},&quot;base-line-height&quot;:&quot;global&quot;,&quot;line-height&quot;:{&quot;desktop_large&quot;:&quot;30&quot;},&quot;base-letter-spacing&quot;:&quot;global&quot;}\" class=\"ut-custom-heading-module   vc_custom_1688736840901\" ><span class=\"\" >7. Destinataires des donn\u00e9es<\/span><\/h3>[vc_column_text]Les donn\u00e9es collect\u00e9es sont destin\u00e9es \u00e0 l&rsquo;usage de Digitaleader. Les donn\u00e9es peuvent \u00eatre transmises \u00e0 des services de police dans le cadre de r\u00e9quisitions judiciaires.[\/vc_column_text][\/vc_column][\/vc_row][vc_row][vc_column][vc_separator color=\u00a0\u00bbcustom\u00a0\u00bb accent_color=\u00a0\u00bbrgba(255,255,255,0.05)\u00a0\u00bb][\/vc_column][\/vc_row][vc_row][vc_column]<style type=\"text\/css\">#ut_custom_heading69f2070068bf0 { font-size:20px !important;line-height:30px !important; }#ut_custom_heading69f2070068bf0 { text-align:left; }@media (min-width: 768px) and (max-width: 1024px) { #ut_custom_heading69f2070068bf0 { text-align:left; } }@media (max-width: 767px) { #ut_custom_heading69f2070068bf0 { text-align:left; } }<\/style><h3 id=\"ut_custom_heading69f2070068bf0\" data-responsive-font=\"h3\" data-responsive-font-settings=\"{&quot;base-font-size&quot;:&quot;global&quot;,&quot;font-size&quot;:{&quot;desktop_large&quot;:&quot;20&quot;},&quot;base-line-height&quot;:&quot;global&quot;,&quot;line-height&quot;:{&quot;desktop_large&quot;:&quot;30&quot;},&quot;base-letter-spacing&quot;:&quot;global&quot;}\" class=\"ut-custom-heading-module   vc_custom_1688737469975\" ><span class=\"\" >8. Droit d&rsquo;acc\u00e8s, de rectification et de suppression<\/span><\/h3>[vc_column_text]L&rsquo;Utilisateur est inform\u00e9 que ce traitement des donn\u00e9es \u00e0 caract\u00e8re personnel a fait l&rsquo;objet d&rsquo;une d\u00e9claration aupr\u00e8s de la CNIL. Conform\u00e9ment \u00e0 la loi Informatique et Libert\u00e9s du 6 janvier 1978 modifi\u00e9e, l&rsquo;Utilisateur dispose d&rsquo;un droit d&rsquo;acc\u00e8s, de rectification et de suppression des donn\u00e9es le concernant. L&rsquo;utilisateur peut express\u00e9ment s&rsquo;opposer au traitement de ses donn\u00e9es personnelles. Pour cela, il lui suffit d&rsquo;\u00e9crire un courrier \u00e0 Digitaleader, ou de contacter le service concern\u00e9 par email \u00e0 l&rsquo;adresse contact@digitaleader.fr et en mettant le texte suivant en objet du courrier \u00e9lectronique \u00ab\u00a0Droit d&rsquo;acc\u00e8s, de rectification ou d&rsquo;opposition au traitement de mes donn\u00e9es\u00a0\u00bb.<\/p>\n<p>L&rsquo;Utilisateur doit indiquer ses nom, pr\u00e9nom et adresse postale. Sa demande doit \u00eatre sign\u00e9e et accompagn\u00e9e d&rsquo;une pi\u00e8ce d&rsquo;identit\u00e9 en cours de validit\u00e9 portant sa signature. L&rsquo;Utilisateur peut pr\u00e9ciser l&rsquo;adresse \u00e0 laquelle doit lui parvenir la r\u00e9ponse.<\/p>\n<p>Digitaleader dispose d\u2019un d\u00e9lai de 2 mois \u00e0 compter de la r\u00e9ception de la demande de l\u2019Utilisateur pour y r\u00e9pondre. A l\u2019issue de ce d\u00e9lai, le Client pourra saisir la CNIL en cas de r\u00e9ponse n\u00e9gative ou absence de r\u00e9ponse de la part de Digitaleader.[\/vc_column_text][\/vc_column][\/vc_row][vc_row][vc_column][vc_separator color=\u00a0\u00bbcustom\u00a0\u00bb accent_color=\u00a0\u00bbrgba(255,255,255,0.05)\u00a0\u00bb][\/vc_column][\/vc_row][vc_row][vc_column]<style type=\"text\/css\">#ut_custom_heading69f2070068c1f { font-size:20px !important;line-height:30px !important; }#ut_custom_heading69f2070068c1f { text-align:left; }@media (min-width: 768px) and (max-width: 1024px) { #ut_custom_heading69f2070068c1f { text-align:left; } }@media (max-width: 767px) { #ut_custom_heading69f2070068c1f { text-align:left; } }<\/style><h3 id=\"ut_custom_heading69f2070068c1f\" data-responsive-font=\"h3\" data-responsive-font-settings=\"{&quot;base-font-size&quot;:&quot;global&quot;,&quot;font-size&quot;:{&quot;desktop_large&quot;:&quot;20&quot;},&quot;base-line-height&quot;:&quot;global&quot;,&quot;line-height&quot;:{&quot;desktop_large&quot;:&quot;30&quot;},&quot;base-letter-spacing&quot;:&quot;global&quot;}\" class=\"ut-custom-heading-module   vc_custom_1689177984236\" ><span class=\"\" >9. Dur\u00e9e de conservation de donn\u00e9es<\/span><\/h3>[vc_column_text]L&rsquo;Utilisateur est inform\u00e9 que ce traitement des donn\u00e9es \u00e0 caract\u00e8re personnel a fait l&rsquo;objet d&rsquo;une d\u00e9claration aupr\u00e8s de la CNIL. Conform\u00e9ment \u00e0 la loi Informatique et Libert\u00e9s du 6 janvier 1978 modifi\u00e9e, l&rsquo;Utilisateur dispose d&rsquo;un droit d&rsquo;acc\u00e8s, de rectification et de suppression des donn\u00e9es le concernant. L&rsquo;utilisateur peut express\u00e9ment s&rsquo;opposer au traitement de ses donn\u00e9es personnelles. Pour cela, il lui suffit d&rsquo;\u00e9crire un courrier \u00e0 Digitaleader, ou de contacter le service concern\u00e9 par email \u00e0 l&rsquo;adresse contact@digitaleader.fr et en mettant le texte suivant en objet du courrier \u00e9lectronique \u00ab\u00a0Droit d&rsquo;acc\u00e8s, de rectification ou d&rsquo;opposition au traitement de mes donn\u00e9es\u00a0\u00bb.<\/p>\n<p>L&rsquo;Utilisateur doit indiquer ses nom, pr\u00e9nom et adresse postale. Sa demande doit \u00eatre sign\u00e9e et accompagn\u00e9e d&rsquo;une pi\u00e8ce d&rsquo;identit\u00e9 en cours de validit\u00e9 portant sa signature. L&rsquo;Utilisateur peut pr\u00e9ciser l&rsquo;adresse \u00e0 laquelle doit lui parvenir la r\u00e9ponse.<\/p>\n<p>Digitaleader dispose d\u2019un d\u00e9lai de 2 mois \u00e0 compter de la r\u00e9ception de la demande de l\u2019Utilisateur pour y r\u00e9pondre. A l\u2019issue de ce d\u00e9lai, le Client pourra saisir la CNIL en cas de r\u00e9ponse n\u00e9gative ou absence de r\u00e9ponse de la part de Digitaleader.[\/vc_column_text][\/vc_column][\/vc_row][vc_row][vc_column][vc_separator color=\u00a0\u00bbcustom\u00a0\u00bb accent_color=\u00a0\u00bbrgba(255,255,255,0.05)\u00a0\u00bb][\/vc_column][\/vc_row][vc_row][vc_column]<style type=\"text\/css\">#ut_custom_heading69f2070068c50 { font-size:20px !important;line-height:30px !important; }#ut_custom_heading69f2070068c50 { text-align:left; }@media (min-width: 768px) and (max-width: 1024px) { #ut_custom_heading69f2070068c50 { text-align:left; } }@media (max-width: 767px) { #ut_custom_heading69f2070068c50 { text-align:left; } }<\/style><h3 id=\"ut_custom_heading69f2070068c50\" data-responsive-font=\"h3\" data-responsive-font-settings=\"{&quot;base-font-size&quot;:&quot;global&quot;,&quot;font-size&quot;:{&quot;desktop_large&quot;:&quot;20&quot;},&quot;base-line-height&quot;:&quot;global&quot;,&quot;line-height&quot;:{&quot;desktop_large&quot;:&quot;30&quot;},&quot;base-letter-spacing&quot;:&quot;global&quot;}\" class=\"ut-custom-heading-module   vc_custom_1689177994563\" ><span class=\"\" >10. Newsletters<\/span><\/h3>[vc_column_text]L\u2019Utilisateur peut s\u2019inscrire \u00e0 la newsletter de Digitaleader et ainsi choisir d\u2019\u00eatre inform\u00e9 \u00e0 intervalle r\u00e9gulier des offres propos\u00e9es sur le Site. Il a \u00e0 tout moment la possibilit\u00e9 de moduler les informations qu\u2019il souhaite recevoir ou de se d\u00e9sabonner en cliquant sur le lien pr\u00e9vu \u00e0 cet effet situ\u00e9 en bas de chacune des newsletters.<\/p>\n<p>Par exception \u00e0 ce qui pr\u00e9c\u00e8de et conform\u00e9ment \u00e0 l\u2019article L 34-5 du Code des postes et des communications \u00e9lectroniques, Digitaleader peut envoyer de la prospection commerciale par voie \u00e9lectronique \u00e0 l\u2019Utilisateur qui n\u2019a pas donn\u00e9 son consentement pr\u00e9alable d\u00e8s lors que l\u2019Utilisateur est d\u00e9j\u00e0 client de Digitaleader, qu\u2019il ne s\u2019est pas oppos\u00e9 \u00e0 recevoir de la prospection commerciale lors de la cr\u00e9ation de son compte et que la prospection concerne des produits ou services analogues \u00e0 ceux d\u00e9j\u00e0 fournis par Digitaleader. Il a \u00e0 tout moment la possibilit\u00e9 de se d\u00e9sabonner en cliquant sur le lien de d\u00e9sabonnement pr\u00e9vu dans chaque newsletter.[\/vc_column_text][\/vc_column][\/vc_row][vc_row][vc_column][vc_separator color=\u00a0\u00bbcustom\u00a0\u00bb accent_color=\u00a0\u00bbrgba(255,255,255,0.05)\u00a0\u00bb][\/vc_column][\/vc_row][vc_row][vc_column]<style type=\"text\/css\">#ut_custom_heading69f2070068c82 { font-size:20px !important;line-height:30px !important; }#ut_custom_heading69f2070068c82 { text-align:left; }@media (min-width: 768px) and (max-width: 1024px) { #ut_custom_heading69f2070068c82 { text-align:left; } }@media (max-width: 767px) { #ut_custom_heading69f2070068c82 { text-align:left; } }<\/style><h3 id=\"ut_custom_heading69f2070068c82\" data-responsive-font=\"h3\" data-responsive-font-settings=\"{&quot;base-font-size&quot;:&quot;global&quot;,&quot;font-size&quot;:{&quot;desktop_large&quot;:&quot;20&quot;},&quot;base-line-height&quot;:&quot;global&quot;,&quot;line-height&quot;:{&quot;desktop_large&quot;:&quot;30&quot;},&quot;base-letter-spacing&quot;:&quot;global&quot;}\" class=\"ut-custom-heading-module   vc_custom_1689178003632\" ><span class=\"\" >11. Courrier postal et num\u00e9ro de t\u00e9l\u00e9phone<\/span><\/h3>[vc_column_text]L\u2019adresse postale et le num\u00e9ro de t\u00e9l\u00e9phone du client sont n\u00e9cessaires au traitement et \u00e0 la gestion des contrats ainsi qu\u2019aux relations commerciales entre Digitaleader et le client.<\/p>\n<p>Digitaleader utilise ces donn\u00e9es personnelles \u00e0 des fins de prospection commerciale. \u00c0 tout moment, le client a la possibilit\u00e9 de s\u2019y opposer de mani\u00e8re simple et gratuite en contactant le service client par email \u00e0 l\u2019adresse <a href=\"mailto:rgpd@digitaleader.com\" target=\"_new\" rel=\"noopener\">contact@digitaleader.fr<\/a>.[\/vc_column_text][\/vc_column][\/vc_row][vc_row][vc_column][vc_separator color=\u00a0\u00bbcustom\u00a0\u00bb accent_color=\u00a0\u00bbrgba(255,255,255,0.05)\u00a0\u00bb][\/vc_column][\/vc_row][vc_row][vc_column]<style type=\"text\/css\">#ut_custom_heading69f2070068cb0 { font-size:20px !important;line-height:30px !important; }#ut_custom_heading69f2070068cb0 { text-align:left; }@media (min-width: 768px) and (max-width: 1024px) { #ut_custom_heading69f2070068cb0 { text-align:left; } }@media (max-width: 767px) { #ut_custom_heading69f2070068cb0 { text-align:left; } }<\/style><h3 id=\"ut_custom_heading69f2070068cb0\" data-responsive-font=\"h3\" data-responsive-font-settings=\"{&quot;base-font-size&quot;:&quot;global&quot;,&quot;font-size&quot;:{&quot;desktop_large&quot;:&quot;20&quot;},&quot;base-line-height&quot;:&quot;global&quot;,&quot;line-height&quot;:{&quot;desktop_large&quot;:&quot;30&quot;},&quot;base-letter-spacing&quot;:&quot;global&quot;}\" class=\"ut-custom-heading-module   vc_custom_1689178013611\" ><span class=\"\" >12. Cookies<\/span><\/h3>[vc_column_text]D\u00c9FINITION DU COOKIE Un cookie est un petit fichier texte qui est plac\u00e9 ou stock\u00e9 sur votre terminal (ordinateur, tablette ou appareil mobile) lorsque vous visitez un site internet. Le cookie permet \u00e0 un site de vous reconna\u00eetre, de vous aider \u00e0 naviguer de page en page sur un site internet, fournit des connexions s\u00e9curis\u00e9es et se souvient de vos pr\u00e9f\u00e9rences lors de vos prochaines visites.<\/p>\n<p>Digitaleader a recours \u00e0 l\u2019utilisation de cookies afin de reconna\u00eetre l\u2019Utilisateur (client ou non) lors de sa connexion sur le Site. Digitaleader utilise \u00e9galement le \u00ab Localstorage \u00bb du navigateur qui a le m\u00eame principe de fonctionnement que les cookies. L\u2019action de suppression des cookies supprime \u00e9galement le \u00ab Localstorage \u00bb du navigateur.<\/p>\n<p>SUPPRESSION DES COOKIES L\u2019Utilisateur peut \u00e0 tout moment d\u00e9sactiver les cookies enregistr\u00e9s sur son terminal. Pour cela, il lui suffit de s\u00e9lectionner les param\u00e8tres appropri\u00e9s dans son navigateur. Cependant, cette d\u00e9sactivation aura pour cons\u00e9quence d\u2019emp\u00eacher l\u2019acc\u00e8s \u00e0 certaines fonctionnalit\u00e9s du Site permettant de personnaliser les services propos\u00e9s par Digitaleader.<\/p>\n<p>LES DIFF\u00c9RENTS TYPES DE COOKIES UTILIS\u00c9S Les cookies strictement n\u00e9cessaires : ces cookies vous permettent de naviguer sur le Site et sont indispensables au bon fonctionnement du Site. Leur d\u00e9sactivation entra\u00eenera des difficult\u00e9s dans l\u2019utilisation du Site et aura pour cons\u00e9quence d\u2019emp\u00eacher l\u2019acc\u00e8s \u00e0 certaines fonctionnalit\u00e9s. Les cookies strictement n\u00e9cessaires sont les suivants :<\/p>\n<p>Les cookies de performance et statistiques : ces cookies collectent des informations sur la fa\u00e7on dont les Utilisateurs utilisent le Site (le nombre de visites, le nombre de pages consult\u00e9es, l\u2019activit\u00e9 des visiteurs) via des outils d\u2019analyse. Ces cookies nous permettent \u00e9galement d\u2019identifier et de r\u00e9soudre les probl\u00e8mes de fonctionnement du Site et de l\u2019am\u00e9liorer. Les cookies de performance et statistiques sont les suivants :<\/p>\n<p>_gat Cookie de Google Analytics (statistiques de visites). _ga Cookie de Google Analytics (statistiques de visites). _gid Cookie de Google Analytics (statistiques de visites).<\/p>\n<p>LA GESTION DES COOKIES Pour la gestion des cookies et de vos choix, la configuration de chaque navigateur est diff\u00e9rente. Elle est d\u00e9crite dans le menu d\u2019aide de votre navigateur, qui vous permettra de savoir de quelle mani\u00e8re modifier vos souhaits en mati\u00e8re de cookies.<\/p>\n<p>D\u00e9sactivation des cookies via les principaux navigateurs :<\/p>\n<p>Internet explorer<\/p>\n<ol>\n<li>Dans le menu \u00ab Outils \u00bb, s\u00e9lectionnez \u00ab Options Internet \u00bb<\/li>\n<li>Cliquez ensuite sur l\u2019onglet \u00ab Confidentialit\u00e9 \u00bb<\/li>\n<li>Cliquez sur le bouton \u00ab Avanc\u00e9 \u00bb pour faire apparaitre la fen\u00eatre \u00ab Param\u00e8tres de confidentialit\u00e9 avanc\u00e9s \u00bb.<\/li>\n<li>Cochez ensuite la case \u00ab Ignorer la gestion automatique des cookies \u00bb, puis s\u00e9lectionnez \u00ab Refuser \u00bb et sauvegardez vos pr\u00e9f\u00e9rences en cliquant sur \u00ab OK \u00bb.<\/li>\n<\/ol>\n<p>Mozilla Firefox<\/p>\n<ol>\n<li>Dans le menu en haut de la page cliquez sur \u00ab Outils \u00bb, puis \u00ab Options \u00bb<\/li>\n<li>S\u00e9lectionnez l\u2019onglet \u00ab Vie priv\u00e9e \u00bb<\/li>\n<li>Param\u00e9trer le menu \u00ab R\u00e8gles de conservation \u00bb, cliquez sur \u00ab utiliser les param\u00e8tres personnalis\u00e9s pour l\u2019historique \u00bb<\/li>\n<li>D\u00e9cochez la case \u00ab accepter les cookies tiers \u00bb et sauvegardez vos pr\u00e9f\u00e9rences en cliquant sur \u00ab OK \u00bb.<\/li>\n<\/ol>\n<p>Google Chrome<\/p>\n<ol>\n<li>Dans le menu, cliquez sur \u00ab Param\u00e8tres \u00bb puis sur \u00ab Afficher les param\u00e8tres avanc\u00e9s \u00bb<\/li>\n<li>S\u00e9lectionnez l\u2019onglet \u00ab Confidentialit\u00e9 \u00bb puis le menu \u00ab Param\u00e8tres de contenus \u00bb.<\/li>\n<li>Cochez la case \u00ab Bloquer les cookies et donn\u00e9es de sites tiers \u00bb et sauvegardez vos pr\u00e9f\u00e9rences en cliquant sur \u00ab OK \u00bb.<\/li>\n<\/ol>\n<p>Safari<\/p>\n<ol>\n<li>Dans le menu en haut de la page, cliquez sur \u00ab Safari \u00bb, puis \u00ab Pr\u00e9f\u00e9rences \u00bb<\/li>\n<li>Cliquez sur l\u2019onglet \u00ab Confidentialit\u00e9 \u00bb<\/li>\n<li>D\u00e9cochez la case \u00ab Accepter les cookies \u00bb et sauvegardez vos pr\u00e9f\u00e9rences.<\/li>\n<\/ol>\n<p>[\/vc_column_text][\/vc_column][\/vc_row][vc_row][vc_column][vc_separator color=\u00a0\u00bbcustom\u00a0\u00bb accent_color=\u00a0\u00bbrgba(255,255,255,0.05)\u00a0\u00bb][\/vc_column][\/vc_row][vc_row][vc_column]<style type=\"text\/css\">#ut_custom_heading69f2070068cde { font-size:20px !important;line-height:30px !important; }#ut_custom_heading69f2070068cde { text-align:left; }@media (min-width: 768px) and (max-width: 1024px) { #ut_custom_heading69f2070068cde { text-align:left; } }@media (max-width: 767px) { #ut_custom_heading69f2070068cde { text-align:left; } }<\/style><h3 id=\"ut_custom_heading69f2070068cde\" data-responsive-font=\"h3\" data-responsive-font-settings=\"{&quot;base-font-size&quot;:&quot;global&quot;,&quot;font-size&quot;:{&quot;desktop_large&quot;:&quot;20&quot;},&quot;base-line-height&quot;:&quot;global&quot;,&quot;line-height&quot;:{&quot;desktop_large&quot;:&quot;30&quot;},&quot;base-letter-spacing&quot;:&quot;global&quot;}\" class=\"ut-custom-heading-module   vc_custom_1689178023625\" ><span class=\"\" >13. Balises web<\/span><\/h3>[vc_column_text]Digitaleader utilise des balises web sur certaines pages du Site qui permettent de compter le nombre de visiteurs de la page. Ces balises web peuvent \u00eatre utilis\u00e9es avec certains de nos partenaires commerciaux, notamment afin de mesurer et am\u00e9liorer l\u2019efficacit\u00e9 de certaines publicit\u00e9s. Les informations collect\u00e9es via ces balises web sont anonymes et permettent de conna\u00eetre la fr\u00e9quentation de certaines pages du Site, et ce afin de mieux assister les Utilisateurs du Site.[\/vc_column_text][\/vc_column][\/vc_row][vc_row][vc_column][vc_separator color=\u00a0\u00bbcustom\u00a0\u00bb accent_color=\u00a0\u00bbrgba(255,255,255,0.05)\u00a0\u00bb][\/vc_column][\/vc_row][vc_row][vc_column]<style type=\"text\/css\">#ut_custom_heading69f2070068d0a { font-size:20px !important;line-height:30px !important; }#ut_custom_heading69f2070068d0a { text-align:left; }@media (min-width: 768px) and (max-width: 1024px) { #ut_custom_heading69f2070068d0a { text-align:left; } }@media (max-width: 767px) { #ut_custom_heading69f2070068d0a { text-align:left; } }<\/style><h3 id=\"ut_custom_heading69f2070068d0a\" data-responsive-font=\"h3\" data-responsive-font-settings=\"{&quot;base-font-size&quot;:&quot;global&quot;,&quot;font-size&quot;:{&quot;desktop_large&quot;:&quot;20&quot;},&quot;base-line-height&quot;:&quot;global&quot;,&quot;line-height&quot;:{&quot;desktop_large&quot;:&quot;30&quot;},&quot;base-letter-spacing&quot;:&quot;global&quot;}\" class=\"ut-custom-heading-module   vc_custom_1689178032023\" ><span class=\"\" >14. Plugins r\u00e9seaux sociaux<\/span><\/h3>[vc_column_text]Le Site utilise des plugins r\u00e9seaux sociaux tels que Facebook, Twitter, Instagram et Linkedin. Par exemple, si l\u2019Utilisateur est connect\u00e9 \u00e0 Facebook lors de sa navigation sur le Site, Facebook pourra directement relier sa visite \u00e0 son compte utilisateur Facebook m\u00eame si l\u2019Utilisateur n\u2019a pas utilis\u00e9 le bouton de partage. Si l\u2019Utilisateur interagit au moyen de plugins, par exemple en cliquant sur le bouton \u00ab\u00a0J&rsquo;aime\u00a0\u00bb ou en laissant un commentaire, les informations correspondantes seront transmises et enregistr\u00e9es sur un serveur de Digitaleader. Elles seront publi\u00e9es sur le compte Facebook de l&rsquo;Utilisateur.<\/p>\n<p>Digitaleader ne g\u00e8re pas les donn\u00e9es collect\u00e9es par les R\u00e9seaux Sociaux via les boutons. L&rsquo;Utilisateur devra prendre connaissance de la politique relative \u00e0 la protection des donn\u00e9es personnelles publi\u00e9e par les R\u00e9seaux Sociaux concern\u00e9s, afin de conna\u00eetre les modalit\u00e9s de traitement et d&rsquo;utilisation des donn\u00e9es recueillies par ces derniers, ainsi que les possibilit\u00e9s de param\u00e9trages dont il dispose pour prot\u00e9ger sa vie priv\u00e9e. Si l&rsquo;Utilisateur ne souhaite pas que le R\u00e9seau Social relie les informations collect\u00e9es par l&rsquo;interm\u00e9diaire de Digitaleader \u00e0 son compte utilisateur R\u00e9seau Social, il doit se d\u00e9connecter du R\u00e9seau Social avant de consulter le Site.[\/vc_column_text][\/vc_column][\/vc_row][vc_row][vc_column][vc_separator color=\u00a0\u00bbcustom\u00a0\u00bb accent_color=\u00a0\u00bbrgba(255,255,255,0.05)\u00a0\u00bb][\/vc_column][\/vc_row][vc_row][vc_column]<style type=\"text\/css\">#ut_custom_heading69f2070068d39 { font-size:20px !important;line-height:30px !important; }#ut_custom_heading69f2070068d39 { text-align:left; }@media (min-width: 768px) and (max-width: 1024px) { #ut_custom_heading69f2070068d39 { text-align:left; } }@media (max-width: 767px) { #ut_custom_heading69f2070068d39 { text-align:left; } }<\/style><h3 id=\"ut_custom_heading69f2070068d39\" data-responsive-font=\"h3\" data-responsive-font-settings=\"{&quot;base-font-size&quot;:&quot;global&quot;,&quot;font-size&quot;:{&quot;desktop_large&quot;:&quot;20&quot;},&quot;base-line-height&quot;:&quot;global&quot;,&quot;line-height&quot;:{&quot;desktop_large&quot;:&quot;30&quot;},&quot;base-letter-spacing&quot;:&quot;global&quot;}\" class=\"ut-custom-heading-module   vc_custom_1689178042129\" ><span class=\"\" >15. Mesures de s\u00e9curit\u00e9 prises par Digitaleader pour assurer la protection des donn\u00e9es personnelles<\/span><\/h3>[vc_column_text]Digitaleader met en \u0153uvre tous les moyens techniques conform\u00e9ment aux r\u00e8gles de l&rsquo;art pour maintenir l&rsquo;int\u00e9grit\u00e9, la s\u00e9curit\u00e9 et la confidentialit\u00e9 des donn\u00e9es, notamment pour emp\u00eacher qu&rsquo;elles soient d\u00e9form\u00e9es, endommag\u00e9es ou que des tiers non autoris\u00e9s y aient acc\u00e8s.[\/vc_column_text][\/vc_column][\/vc_row][vc_row][vc_column][vc_separator color=\u00a0\u00bbcustom\u00a0\u00bb accent_color=\u00a0\u00bbrgba(255,255,255,0.05)\u00a0\u00bb][\/vc_column][\/vc_row][vc_row][vc_column]<style type=\"text\/css\">#ut_custom_heading69f2070068d68 { font-size:20px !important;line-height:30px !important; }#ut_custom_heading69f2070068d68 { text-align:left; }@media (min-width: 768px) and (max-width: 1024px) { #ut_custom_heading69f2070068d68 { text-align:left; } }@media (max-width: 767px) { #ut_custom_heading69f2070068d68 { text-align:left; } }<\/style><h3 id=\"ut_custom_heading69f2070068d68\" data-responsive-font=\"h3\" data-responsive-font-settings=\"{&quot;base-font-size&quot;:&quot;global&quot;,&quot;font-size&quot;:{&quot;desktop_large&quot;:&quot;20&quot;},&quot;base-line-height&quot;:&quot;global&quot;,&quot;line-height&quot;:{&quot;desktop_large&quot;:&quot;30&quot;},&quot;base-letter-spacing&quot;:&quot;global&quot;}\" class=\"ut-custom-heading-module   vc_custom_1688738558018\" ><span class=\"\" >Informations g\u00e9n\u00e9rales<\/span><\/h3>[vc_column_text]Editeur du site : Yassine BELLAHOUEL<br \/>\nD\u00e9veloppement : Digitaleader<br \/>\nRappel : Pour toute information, acc\u00e8s, suppression ou rectification sur les informations contenues dans ce site (ARTICLE 34 de la loi 78-17 du 6\/1\/1978), veuillez adresser votre demande via notre formulaire de contact.[\/vc_column_text][\/vc_column][\/vc_row][\/vc_section]<\/p>\n","protected":false},"excerpt":{"rendered":"<p>[vc_section][vc_row][vc_column background_position=\u00a0\u00bbleft center\u00a0\u00bb css=\u00a0\u00bb.vc_custom_1573684946539{background-image: url(https:\/\/digitaleader.fr\/wp-content\/uploads\/2019\/10\/ut-dots.svg?id=5939) !important;background-position: center !important;background-repeat: no-repeat !important;background-size: contain !important;}\u00a0\u00bb][\/vc_column][\/vc_row][vc_row][vc_column][vc_separator color=\u00a0\u00bbcustom\u00a0\u00bb accent_color=\u00a0\u00bbrgba(255,255,255,0.05)\u00a0\u00bb][\/vc_column][\/vc_row][vc_row][vc_column][vc_column_text]Les droits d&rsquo;auteur, les droits sur les bases de donn\u00e9es et tous les autres droits relevant de la propri\u00e9t\u00e9 intellectuelle, portant sur les \u00e9l\u00e9ments pr\u00e9sents sur le site internet (ainsi que l&rsquo;organisation et la pr\u00e9sentation dudit site internet) ainsi que le code [&hellip;]<\/p>\n","protected":false},"author":1,"featured_media":0,"parent":0,"menu_order":0,"comment_status":"closed","ping_status":"closed","template":"","meta":{"footnotes":""},"class_list":["post-6811","page","type-page","status-publish","hentry"],"_links":{"self":[{"href":"https:\/\/digitaleader.fr\/index.php\/wp-json\/wp\/v2\/pages\/6811","targetHints":{"allow":["GET"]}}],"collection":[{"href":"https:\/\/digitaleader.fr\/index.php\/wp-json\/wp\/v2\/pages"}],"about":[{"href":"https:\/\/digitaleader.fr\/index.php\/wp-json\/wp\/v2\/types\/page"}],"author":[{"embeddable":true,"href":"https:\/\/digitaleader.fr\/index.php\/wp-json\/wp\/v2\/users\/1"}],"replies":[{"embeddable":true,"href":"https:\/\/digitaleader.fr\/index.php\/wp-json\/wp\/v2\/comments?post=6811"}],"version-history":[{"count":16,"href":"https:\/\/digitaleader.fr\/index.php\/wp-json\/wp\/v2\/pages\/6811\/revisions"}],"predecessor-version":[{"id":8706,"href":"https:\/\/digitaleader.fr\/index.php\/wp-json\/wp\/v2\/pages\/6811\/revisions\/8706"}],"wp:attachment":[{"href":"https:\/\/digitaleader.fr\/index.php\/wp-json\/wp\/v2\/media?parent=6811"}],"curies":[{"name":"wp","href":"https:\/\/api.w.org\/{rel}","templated":true}]}}